{"id":237,"date":"2022-12-10T21:59:56","date_gmt":"2022-12-10T20:59:56","guid":{"rendered":"http:\/\/mhauss.com\/?page_id=237"},"modified":"2024-01-26T22:36:35","modified_gmt":"2024-01-26T21:36:35","slug":"dis-gerard","status":"publish","type":"page","link":"https:\/\/mhauss.com\/index.php\/dis-gerard\/","title":{"rendered":"Dis G\u00e9rard!"},"content":{"rendered":"\n<p>J&rsquo;ai r\u00e9alis\u00e9 40 \u00e9pisodes de la s\u00e9rie tv \u00ab\u00a0Dis G\u00e9rard!\u00a0\u00bb un module anim\u00e9 avec la voix de G\u00e9rard Feldzer et la musique et le son de Vincent Blaviel diffus\u00e9s sur France 3 Occitanie dans l&rsquo;\u00e9mission \u00ab\u00a0Carnets de Vol\u00a0\u00bb de Martin Ducros L&rsquo;\u00e9mission sur l&rsquo;a\u00e9ronautique qui fait d\u00e9coller toute la famille !<\/p>\n\n\n\n<figure class=\"wp-block-image size-large\"><img loading=\"lazy\" decoding=\"async\" width=\"1024\" height=\"576\" src=\"https:\/\/mhauss.com\/wp-content\/uploads\/2022\/12\/PTITFELDZ_ASTRO_Pilote_005_02-1024x576.jpg\" alt=\"\" class=\"wp-image-245\" srcset=\"https:\/\/mhauss.com\/wp-content\/uploads\/2022\/12\/PTITFELDZ_ASTRO_Pilote_005_02-1024x576.jpg 1024w, https:\/\/mhauss.com\/wp-content\/uploads\/2022\/12\/PTITFELDZ_ASTRO_Pilote_005_02-300x169.jpg 300w, https:\/\/mhauss.com\/wp-content\/uploads\/2022\/12\/PTITFELDZ_ASTRO_Pilote_005_02-768x432.jpg 768w, https:\/\/mhauss.com\/wp-content\/uploads\/2022\/12\/PTITFELDZ_ASTRO_Pilote_005_02-206x116.jpg 206w, https:\/\/mhauss.com\/wp-content\/uploads\/2022\/12\/PTITFELDZ_ASTRO_Pilote_005_02.jpg 1280w\" sizes=\"auto, (max-width: 1024px) 100vw, 1024px\" \/><\/figure>\n\n\n\n<p><a href=\"https:\/\/www.youtube.com\/playlist?list=PLjk_2UG-CeKaqKX5bUnyTjvopRv5X3MrP\" target=\"_blank\" rel=\"noreferrer noopener\">14 premiers \u00e9pisodes visibles sur youtube de France 3 occitanie<\/a><\/p>\n\n\n\n<figure class=\"wp-block-embed is-type-video is-provider-youtube wp-block-embed-youtube wp-embed-aspect-16-9 wp-has-aspect-ratio\"><div class=\"wp-block-embed__wrapper\">\n<iframe loading=\"lazy\" title=\"Dis G\u00e9rard ?\" width=\"500\" height=\"281\" src=\"https:\/\/www.youtube.com\/embed\/videoseries?list=PLICL5IKGbcKt_sQPgjRarmHBr-7hxKJu2\" frameborder=\"0\" allow=\"accelerometer; autoplay; clipboard-write; encrypted-media; gyroscope; picture-in-picture; web-share\" referrerpolicy=\"strict-origin-when-cross-origin\" allowfullscreen><\/iframe>\n<\/div><\/figure>\n\n\n\n<figure class=\"wp-block-embed is-type-video is-provider-youtube wp-block-embed-youtube wp-embed-aspect-16-9 wp-has-aspect-ratio\"><div class=\"wp-block-embed__wrapper\">\n<iframe loading=\"lazy\" title=\"Dis G\u00e9rard ? - Comment \u00e7a vole un avion ?\" width=\"500\" height=\"281\" src=\"https:\/\/www.youtube.com\/embed\/pwxLEznVG6k?list=PLICL5IKGbcKt_sQPgjRarmHBr-7hxKJu2\" frameborder=\"0\" allow=\"accelerometer; autoplay; clipboard-write; encrypted-media; gyroscope; picture-in-picture; web-share\" referrerpolicy=\"strict-origin-when-cross-origin\" allowfullscreen><\/iframe>\n<\/div><\/figure>\n\n\n\n<figure class=\"wp-block-embed is-type-video is-provider-youtube wp-block-embed-youtube wp-embed-aspect-16-9 wp-has-aspect-ratio\"><div class=\"wp-block-embed__wrapper\">\n<iframe loading=\"lazy\" title=\"Dis G\u00e9rard ? - Comment marche un r\u00e9acteur ?\" width=\"500\" height=\"281\" src=\"https:\/\/www.youtube.com\/embed\/8sIj0GIBRuU?list=PLICL5IKGbcKt_sQPgjRarmHBr-7hxKJu2\" frameborder=\"0\" allow=\"accelerometer; autoplay; clipboard-write; encrypted-media; gyroscope; picture-in-picture; web-share\" referrerpolicy=\"strict-origin-when-cross-origin\" allowfullscreen><\/iframe>\n<\/div><\/figure>\n","protected":false},"excerpt":{"rendered":"<p>J&rsquo;ai r\u00e9alis\u00e9 40 \u00e9pisodes de la s\u00e9rie tv \u00ab\u00a0Dis G\u00e9rard!\u00a0\u00bb un module anim\u00e9 avec la voix de G\u00e9rard Feldzer et la musique et le son de Vincent Blaviel diffus\u00e9s sur France 3 Occitanie dans l&rsquo;\u00e9mission \u00ab\u00a0Carnets de Vol\u00a0\u00bb de Martin Ducros L&rsquo;\u00e9mission sur l&rsquo;a\u00e9ronautique qui fait d\u00e9coller toute la famille ! 14 premiers \u00e9pisodes visibles [&hellip;]<\/p>\n","protected":false},"author":1,"featured_media":0,"parent":0,"menu_order":0,"comment_status":"closed","ping_status":"closed","template":"","meta":{"footnotes":""},"class_list":["post-237","page","type-page","status-publish","hentry"],"yoast_head":"<!-- This site is optimized with the Yoast SEO plugin v27.4 - https:\/\/yoast.com\/product\/yoast-seo-wordpress\/ -->\n<title>Dis G\u00e9rard! - mhauss<\/title>\n<meta name=\"robots\" content=\"index, follow, max-snippet:-1, max-image-preview:large, max-video-preview:-1\" \/>\n<link rel=\"canonical\" href=\"https:\/\/mhauss.com\/index.php\/dis-gerard\/\" \/>\n<meta property=\"og:locale\" content=\"fr_FR\" \/>\n<meta property=\"og:type\" content=\"article\" \/>\n<meta property=\"og:title\" content=\"Dis G\u00e9rard! - mhauss\" \/>\n<meta property=\"og:description\" content=\"J&rsquo;ai r\u00e9alis\u00e9 40 \u00e9pisodes de la s\u00e9rie tv \u00ab\u00a0Dis G\u00e9rard!\u00a0\u00bb un module anim\u00e9 avec la voix de G\u00e9rard Feldzer et la musique et le son de Vincent Blaviel diffus\u00e9s sur France 3 Occitanie dans l&rsquo;\u00e9mission \u00ab\u00a0Carnets de Vol\u00a0\u00bb de Martin Ducros L&rsquo;\u00e9mission sur l&rsquo;a\u00e9ronautique qui fait d\u00e9coller toute la famille ! 14 premiers \u00e9pisodes visibles [&hellip;]\" \/>\n<meta property=\"og:url\" content=\"https:\/\/mhauss.com\/index.php\/dis-gerard\/\" \/>\n<meta property=\"og:site_name\" content=\"mhauss\" \/>\n<meta property=\"article:modified_time\" content=\"2024-01-26T21:36:35+00:00\" \/>\n<meta property=\"og:image\" content=\"http:\/\/mhauss.com\/wp-content\/uploads\/2022\/12\/PTITFELDZ_ASTRO_Pilote_005_02-1024x576.jpg\" \/>\n<meta name=\"twitter:card\" content=\"summary_large_image\" \/>\n<meta name=\"twitter:label1\" content=\"Dur\u00e9e de lecture estim\u00e9e\" \/>\n\t<meta name=\"twitter:data1\" content=\"1 minute\" \/>\n<script type=\"application\/ld+json\" class=\"yoast-schema-graph\">{\"@context\":\"https:\\\/\\\/schema.org\",\"@graph\":[{\"@type\":\"WebPage\",\"@id\":\"https:\\\/\\\/mhauss.com\\\/index.php\\\/dis-gerard\\\/\",\"url\":\"https:\\\/\\\/mhauss.com\\\/index.php\\\/dis-gerard\\\/\",\"name\":\"Dis G\u00e9rard! - mhauss\",\"isPartOf\":{\"@id\":\"https:\\\/\\\/mhauss.com\\\/#website\"},\"primaryImageOfPage\":{\"@id\":\"https:\\\/\\\/mhauss.com\\\/index.php\\\/dis-gerard\\\/#primaryimage\"},\"image\":{\"@id\":\"https:\\\/\\\/mhauss.com\\\/index.php\\\/dis-gerard\\\/#primaryimage\"},\"thumbnailUrl\":\"http:\\\/\\\/mhauss.com\\\/wp-content\\\/uploads\\\/2022\\\/12\\\/PTITFELDZ_ASTRO_Pilote_005_02-1024x576.jpg\",\"datePublished\":\"2022-12-10T20:59:56+00:00\",\"dateModified\":\"2024-01-26T21:36:35+00:00\",\"breadcrumb\":{\"@id\":\"https:\\\/\\\/mhauss.com\\\/index.php\\\/dis-gerard\\\/#breadcrumb\"},\"inLanguage\":\"fr-FR\",\"potentialAction\":[{\"@type\":\"ReadAction\",\"target\":[\"https:\\\/\\\/mhauss.com\\\/index.php\\\/dis-gerard\\\/\"]}]},{\"@type\":\"ImageObject\",\"inLanguage\":\"fr-FR\",\"@id\":\"https:\\\/\\\/mhauss.com\\\/index.php\\\/dis-gerard\\\/#primaryimage\",\"url\":\"http:\\\/\\\/mhauss.com\\\/wp-content\\\/uploads\\\/2022\\\/12\\\/PTITFELDZ_ASTRO_Pilote_005_02-1024x576.jpg\",\"contentUrl\":\"http:\\\/\\\/mhauss.com\\\/wp-content\\\/uploads\\\/2022\\\/12\\\/PTITFELDZ_ASTRO_Pilote_005_02-1024x576.jpg\"},{\"@type\":\"BreadcrumbList\",\"@id\":\"https:\\\/\\\/mhauss.com\\\/index.php\\\/dis-gerard\\\/#breadcrumb\",\"itemListElement\":[{\"@type\":\"ListItem\",\"position\":1,\"name\":\"Home\",\"item\":\"https:\\\/\\\/mhauss.com\\\/\"},{\"@type\":\"ListItem\",\"position\":2,\"name\":\"Dis G\u00e9rard!\"}]},{\"@type\":\"WebSite\",\"@id\":\"https:\\\/\\\/mhauss.com\\\/#website\",\"url\":\"https:\\\/\\\/mhauss.com\\\/\",\"name\":\"mhauss\",\"description\":\"images fixes et anim\u00e9es, illustrations, mod\u00e9lisations et animations 3D\",\"publisher\":{\"@id\":\"https:\\\/\\\/mhauss.com\\\/#organization\"},\"potentialAction\":[{\"@type\":\"SearchAction\",\"target\":{\"@type\":\"EntryPoint\",\"urlTemplate\":\"https:\\\/\\\/mhauss.com\\\/?s={search_term_string}\"},\"query-input\":{\"@type\":\"PropertyValueSpecification\",\"valueRequired\":true,\"valueName\":\"search_term_string\"}}],\"inLanguage\":\"fr-FR\"},{\"@type\":\"Organization\",\"@id\":\"https:\\\/\\\/mhauss.com\\\/#organization\",\"name\":\"mhauss\",\"url\":\"https:\\\/\\\/mhauss.com\\\/\",\"logo\":{\"@type\":\"ImageObject\",\"inLanguage\":\"fr-FR\",\"@id\":\"https:\\\/\\\/mhauss.com\\\/#\\\/schema\\\/logo\\\/image\\\/\",\"url\":\"https:\\\/\\\/mhauss.com\\\/wp-content\\\/uploads\\\/2022\\\/12\\\/ext.jpg\",\"contentUrl\":\"https:\\\/\\\/mhauss.com\\\/wp-content\\\/uploads\\\/2022\\\/12\\\/ext.jpg\",\"width\":140,\"height\":140,\"caption\":\"mhauss\"},\"image\":{\"@id\":\"https:\\\/\\\/mhauss.com\\\/#\\\/schema\\\/logo\\\/image\\\/\"}}]}<\/script>\n<!-- \/ Yoast SEO plugin. -->","yoast_head_json":{"title":"Dis G\u00e9rard! - mhauss","robots":{"index":"index","follow":"follow","max-snippet":"max-snippet:-1","max-image-preview":"max-image-preview:large","max-video-preview":"max-video-preview:-1"},"canonical":"https:\/\/mhauss.com\/index.php\/dis-gerard\/","og_locale":"fr_FR","og_type":"article","og_title":"Dis G\u00e9rard! - mhauss","og_description":"J&rsquo;ai r\u00e9alis\u00e9 40 \u00e9pisodes de la s\u00e9rie tv \u00ab\u00a0Dis G\u00e9rard!\u00a0\u00bb un module anim\u00e9 avec la voix de G\u00e9rard Feldzer et la musique et le son de Vincent Blaviel diffus\u00e9s sur France 3 Occitanie dans l&rsquo;\u00e9mission \u00ab\u00a0Carnets de Vol\u00a0\u00bb de Martin Ducros L&rsquo;\u00e9mission sur l&rsquo;a\u00e9ronautique qui fait d\u00e9coller toute la famille ! 14 premiers \u00e9pisodes visibles [&hellip;]","og_url":"https:\/\/mhauss.com\/index.php\/dis-gerard\/","og_site_name":"mhauss","article_modified_time":"2024-01-26T21:36:35+00:00","og_image":[{"url":"http:\/\/mhauss.com\/wp-content\/uploads\/2022\/12\/PTITFELDZ_ASTRO_Pilote_005_02-1024x576.jpg","type":"","width":"","height":""}],"twitter_card":"summary_large_image","twitter_misc":{"Dur\u00e9e de lecture estim\u00e9e":"1 minute"},"schema":{"@context":"https:\/\/schema.org","@graph":[{"@type":"WebPage","@id":"https:\/\/mhauss.com\/index.php\/dis-gerard\/","url":"https:\/\/mhauss.com\/index.php\/dis-gerard\/","name":"Dis G\u00e9rard! - mhauss","isPartOf":{"@id":"https:\/\/mhauss.com\/#website"},"primaryImageOfPage":{"@id":"https:\/\/mhauss.com\/index.php\/dis-gerard\/#primaryimage"},"image":{"@id":"https:\/\/mhauss.com\/index.php\/dis-gerard\/#primaryimage"},"thumbnailUrl":"http:\/\/mhauss.com\/wp-content\/uploads\/2022\/12\/PTITFELDZ_ASTRO_Pilote_005_02-1024x576.jpg","datePublished":"2022-12-10T20:59:56+00:00","dateModified":"2024-01-26T21:36:35+00:00","breadcrumb":{"@id":"https:\/\/mhauss.com\/index.php\/dis-gerard\/#breadcrumb"},"inLanguage":"fr-FR","potentialAction":[{"@type":"ReadAction","target":["https:\/\/mhauss.com\/index.php\/dis-gerard\/"]}]},{"@type":"ImageObject","inLanguage":"fr-FR","@id":"https:\/\/mhauss.com\/index.php\/dis-gerard\/#primaryimage","url":"http:\/\/mhauss.com\/wp-content\/uploads\/2022\/12\/PTITFELDZ_ASTRO_Pilote_005_02-1024x576.jpg","contentUrl":"http:\/\/mhauss.com\/wp-content\/uploads\/2022\/12\/PTITFELDZ_ASTRO_Pilote_005_02-1024x576.jpg"},{"@type":"BreadcrumbList","@id":"https:\/\/mhauss.com\/index.php\/dis-gerard\/#breadcrumb","itemListElement":[{"@type":"ListItem","position":1,"name":"Home","item":"https:\/\/mhauss.com\/"},{"@type":"ListItem","position":2,"name":"Dis G\u00e9rard!"}]},{"@type":"WebSite","@id":"https:\/\/mhauss.com\/#website","url":"https:\/\/mhauss.com\/","name":"mhauss","description":"images fixes et anim\u00e9es, illustrations, mod\u00e9lisations et animations 3D","publisher":{"@id":"https:\/\/mhauss.com\/#organization"},"potentialAction":[{"@type":"SearchAction","target":{"@type":"EntryPoint","urlTemplate":"https:\/\/mhauss.com\/?s={search_term_string}"},"query-input":{"@type":"PropertyValueSpecification","valueRequired":true,"valueName":"search_term_string"}}],"inLanguage":"fr-FR"},{"@type":"Organization","@id":"https:\/\/mhauss.com\/#organization","name":"mhauss","url":"https:\/\/mhauss.com\/","logo":{"@type":"ImageObject","inLanguage":"fr-FR","@id":"https:\/\/mhauss.com\/#\/schema\/logo\/image\/","url":"https:\/\/mhauss.com\/wp-content\/uploads\/2022\/12\/ext.jpg","contentUrl":"https:\/\/mhauss.com\/wp-content\/uploads\/2022\/12\/ext.jpg","width":140,"height":140,"caption":"mhauss"},"image":{"@id":"https:\/\/mhauss.com\/#\/schema\/logo\/image\/"}}]}},"_links":{"self":[{"href":"https:\/\/mhauss.com\/index.php\/wp-json\/wp\/v2\/pages\/237","targetHints":{"allow":["GET"]}}],"collection":[{"href":"https:\/\/mhauss.com\/index.php\/wp-json\/wp\/v2\/pages"}],"about":[{"href":"https:\/\/mhauss.com\/index.php\/wp-json\/wp\/v2\/types\/page"}],"author":[{"embeddable":true,"href":"https:\/\/mhauss.com\/index.php\/wp-json\/wp\/v2\/users\/1"}],"replies":[{"embeddable":true,"href":"https:\/\/mhauss.com\/index.php\/wp-json\/wp\/v2\/comments?post=237"}],"version-history":[{"count":7,"href":"https:\/\/mhauss.com\/index.php\/wp-json\/wp\/v2\/pages\/237\/revisions"}],"predecessor-version":[{"id":315,"href":"https:\/\/mhauss.com\/index.php\/wp-json\/wp\/v2\/pages\/237\/revisions\/315"}],"wp:attachment":[{"href":"https:\/\/mhauss.com\/index.php\/wp-json\/wp\/v2\/media?parent=237"}],"curies":[{"name":"wp","href":"https:\/\/api.w.org\/{rel}","templated":true}]}}